{"id":225569,"date":"2026-08-11T16:42:31","date_gmt":"2026-08-11T16:42:31","guid":{"rendered":"https:\/\/fenelon-clone.91-134-137-96.plesk.page\/?page_id=225569"},"modified":"2026-08-31T14:17:32","modified_gmt":"2026-08-31T14:17:32","slug":"le-projet-educatif-et-pastoral","status":"publish","type":"page","link":"https:\/\/fenelon-clone.91-134-137-96.plesk.page\/index.php\/le-projet-educatif-et-pastoral\/","title":{"rendered":"Le projet \u00e9ducatif et pastoral"},"content":{"rendered":"<div class=\"et_pb_section_0 et_pb_section et_section_regular et_block_section\">\n<div class=\"et_pb_row_0 et_pb_row et_flex_row\">\n<div class=\"et_pb_column_0 et_pb_column et_flex_column et_pb_css_mix_blend_mode_passthrough et_flex_column_12_24 et_flex_column_12_24_tablet et_flex_column_24_24_phone et_flex_column_24_24_phoneWide et_flex_column_12_24_tabletWide et_flex_column_12_24_widescreen et_flex_column_12_24_ultraWide\">\n<div class=\"et_pb_image_0 et_pb_image et_pb_module et_flex_module\"><span class=\"et_pb_image_wrap\"><img loading=\"lazy\" decoding=\"async\" src=\"https:\/\/fenelon-clone.91-134-137-96.plesk.page\/wp-content\/uploads\/2026\/08\/picto-F.png\" title=\"picto-F\" width=\"516\" height=\"833\" srcset=\"https:\/\/fenelon-clone.91-134-137-96.plesk.page\/wp-content\/uploads\/2026\/08\/picto-F.png 516w, https:\/\/fenelon-clone.91-134-137-96.plesk.page\/wp-content\/uploads\/2026\/08\/picto-F-480x775.png 480w\" sizes=\"(min-width: 0px) and (max-width: 480px) 480px, (min-width: 481px) 516px, 100vw\" class=\"wp-image-227531\" \/><\/span><\/div>\n\n<div class=\"et_pb_text_0 et_pb_text et_pb_bg_layout_light et_pb_module et_flex_module\"><div class=\"et_pb_text_inner\"><h1>Projet \u00e9ducatif &amp; pastoral<\/h1>\n<\/div><\/div>\n\n<ul class=\"et_pb_icon_list_0 et_pb_icon_list et_pb_module et_clickable et_flex_module\">\n<li class=\"et_pb_icon_list_item_0 et_pb_icon_list_item et_pb_module et_flex_module\"><span class=\"et-pb-icon\">N<\/span><div class=\"et_pb_icon_list_text\">\u00c9galit\u00e9 des chances<\/div><\/li>\n<\/ul>\n\n<ul class=\"et_pb_icon_list_1 et_pb_icon_list et_pb_module et_clickable et_flex_module\">\n<li class=\"et_pb_icon_list_item_1 et_pb_icon_list_item et_pb_module et_flex_module\"><span class=\"et-pb-icon\">N<\/span><div class=\"et_pb_icon_list_text\">Nos actus !<\/div><\/li>\n<\/ul>\n\n<ul class=\"et_pb_icon_list_2 et_pb_icon_list et_pb_module et_clickable et_flex_module\">\n<li class=\"et_pb_icon_list_item_2 et_pb_icon_list_item et_pb_module et_flex_module\"><span class=\"et-pb-icon\">N<\/span><div class=\"et_pb_icon_list_text\">Nos engagements<\/div><\/li>\n<\/ul>\n\n<ul class=\"et_pb_icon_list_3 et_pb_icon_list et_pb_module et_flex_module\">\n<li class=\"et_pb_icon_list_item_3 et_pb_icon_list_item et_pb_module et_clickable et_flex_module\"><span class=\"et-pb-icon\">N<\/span><div class=\"et_pb_icon_list_text\">Le projet d'animation pastorale<\/div><\/li>\n<\/ul>\n\n<ul class=\"et_pb_icon_list_4 et_pb_icon_list et_pb_module et_clickable et_flex_module\">\n<li class=\"et_pb_icon_list_item_4 et_pb_icon_list_item et_pb_module et_flex_module\"><span class=\"et-pb-icon\">N<\/span><div class=\"et_pb_icon_list_text\">La pastorale en 5 points<\/div><\/li>\n<\/ul>\n\n<ul class=\"et_pb_icon_list_5 et_pb_icon_list et_pb_module et_clickable et_flex_module\">\n<li class=\"et_pb_icon_list_item_5 et_pb_icon_list_item et_pb_module et_flex_module\"><span class=\"et-pb-icon\">N<\/span><div class=\"et_pb_icon_list_text\">Pr\u00e9paration au sacrements<\/div><\/li>\n<\/ul>\n\n<div class=\"et_pb_group_0 et_pb_group et-last-child et_pb_module et_flex_group et_pb_css_mix_blend_mode_passthrough\">\n<div class=\"et_pb_module et_pb_button_module_wrapper et_pb_button_0_wrapper\"><a class=\"et_pb_button_0 et_pb_button et_pb_bg_layout_light et_pb_module et_flex_module\" href=\"https:\/\/fenelon-clone.91-134-137-96.plesk.page\/index.php\/inscription\/\">Inscription<\/a><\/div>\n\n<div class=\"et_pb_module et_pb_button_module_wrapper et_pb_button_1_wrapper\"><a class=\"et_pb_button_1 et_pb_button et_pb_bg_layout_light et_pb_module et_flex_module\" href=\"https:\/\/fenelon-clone.91-134-137-96.plesk.page\/index.php\/contacts\/\">Question ?<\/a><\/div>\n<\/div>\n<\/div>\n\n<div class=\"et_pb_column_1 et_pb_column et-last-child et_flex_column et_pb_column_empty et_pb_css_mix_blend_mode_passthrough et_flex_column_12_24 et_flex_column_12_24_tablet et_flex_column_24_24_phone et_flex_column_24_24_phoneWide et_flex_column_12_24_tabletWide et_flex_column_12_24_widescreen et_flex_column_12_24_ultraWide\"><\/div>\n<\/div>\n\n<div class=\"et_pb_row_1 et_pb_row et_flex_row\" id=\"egalite\">\n<div class=\"et_pb_column_2 et_pb_column et-last-child et_flex_column et_pb_css_mix_blend_mode_passthrough et_flex_column_24_24 et_flex_column_24_24_tablet et_flex_column_24_24_phone et_flex_column_24_24_phoneWide et_flex_column_24_24_tabletWide et_flex_column_24_24_widescreen et_flex_column_24_24_ultraWide\">\n<div class=\"et_pb_text_1 et_pb_text et_pb_bg_layout_light et_animated et_pb_module et_flex_module\"><div class=\"et_pb_text_inner\"><h1>\u00c9galit\u00e9 des chances<\/h1>\n<\/div><\/div>\n\n<div class=\"et_pb_text_2 et_pb_text et_pb_bg_layout_light et_pb_module et_flex_module\"><div class=\"et_pb_text_inner\"><p>Prendre en compte les individualit\u00e9s dans leur progression<\/p>\n<\/div><\/div>\n<\/div>\n<\/div>\n\n<div class=\"et_pb_row_2 et_pb_row et_flex_row\">\n<div class=\"et_pb_column_3 et_pb_column et-last-child et_flex_column et_pb_css_mix_blend_mode_passthrough et_flex_column_24_24 et_flex_column_24_24_tablet et_flex_column_24_24_phone et_flex_column_24_24_phoneWide et_flex_column_24_24_tabletWide et_flex_column_24_24_widescreen et_flex_column_24_24_ultraWide\">\n<div class=\"et_pb_text_3 et_pb_text et_pb_bg_layout_light et_pb_module et_flex_module\"><div class=\"et_pb_text_inner\"><h3>UNE \u00c9COLE qui permet la r\u00e9ussite et l'\u00e9panouissement de tous<\/h3>\n<\/div><\/div>\n\n<div class=\"et_pb_text_4 et_pb_text et_pb_bg_layout_light et_pb_module et_flex_module\"><div class=\"et_pb_text_inner\"><p><strong>Notre \u00e9cole veut promouvoir et faire vivre ce projet \u00e9ducatif, pour permettre \u00e0 chacun de d\u00e9velopper tous ses talents, et plus particuli\u00e8rement pour amener les jeunes qui nous sont confi\u00e9s, \u00e0 construire un chemin de r\u00e9ussite et d\u2019\u00e9panouissement en les pr\u00e9parant \u00e0 \u00eatre les Femmes et les Hommes de demain<\/strong><\/p>\n<p>Nous visons \u00e0 ce que chacun donne le meilleur de lui-m\u00eame ; l'excellence que nous recherchons se puise dans les richesses de la personne, en les reconnaissant toutes. C'est au quotidien, dans nos actes \u00e9ducatifs et p\u00e9dagogiques, que nous favorisons l'\u00e9mergence de tous les talents.<\/p>\n<\/div><\/div>\n\n<div class=\"et_pb_text_5 et_pb_text et_pb_bg_layout_light et_pb_module et_flex_module\"><div class=\"et_pb_text_inner\"><h3>UNE \u00c9COLE qui forme des citoyens responsables et qui t\u00e9moignent de valeurs incarn\u00e9es.<\/h3>\n<\/div><\/div>\n\n<div class=\"et_pb_text_6 et_pb_text et_pb_bg_layout_light et_pb_module et_flex_module\"><div class=\"et_pb_text_inner\"><p>Le projet de notre \u00e9tablissement s\u2019enracine dans l\u2019\u00c9vangile : chacun a la libert\u00e9 de d\u00e9couvrir qu\u2019il est un \u00eatre unique aim\u00e9 de Dieu et de faire grandir sa foi de Chr\u00e9tien. Notre \u00e9tablissement souhaite amener chacun \u00e0 donner un sens \u00e0 son existence. Nous lui donnons les moyens de se construire, d\u2019acqu\u00e9rir des rep\u00e8res d\u2019\u00eatre reli\u00e9 aux autres, \u00e0 la soci\u00e9t\u00e9, au monde. Nous lui permettons de d\u00e9couvrir et d\u2019acqu\u00e9rir les notions d\u2019engagement, de solidarit\u00e9, de responsabilit\u00e9. Ainsi, il d\u00e9veloppera sa confiance en l\u2019Homme.<\/p>\n<\/div><\/div>\n\n<div class=\"et_pb_text_7 et_pb_text et_pb_bg_layout_light et_pb_module et_flex_module\"><div class=\"et_pb_text_inner\"><h3>UNE \u00c9COLE qui accueille la diversit\u00e9 en posant un regard bienveillant sur chacun.<\/h3>\n<\/div><\/div>\n\n<div class=\"et_pb_text_8 et_pb_text et_pb_bg_layout_light et_pb_module et_flex_module\"><div class=\"et_pb_text_inner\"><p>C'est par la connaissance et l'accueil de l'Autre dans ses diff\u00e9rences que nous grandissons et \u00e9largissons notre regard. Par la d\u00e9couverte d'autres cultures, nous nous enrichissons et d\u00e9veloppons des valeurs de respect, de solidarit\u00e9, de tol\u00e9rance.<\/p>\n<\/div><\/div>\n\n<div class=\"et_pb_module et_pb_button_module_wrapper et_pb_button_2_wrapper\"><a class=\"et_pb_button_2 et_pb_button et_pb_bg_layout_light et_pb_module et_flex_module\" href=\"https:\/\/fenelon-clone.91-134-137-96.plesk.page\/wp-content\/uploads\/2026\/08\/Programme-Aumonerie.pdf\" target=\"_blank\">Programme pastoral<\/a><\/div>\n\n<div class=\"et_pb_image_1 et_pb_image et_pb_module et_flex_module\"><span class=\"et_pb_image_wrap\"><img loading=\"lazy\" decoding=\"async\" src=\"https:\/\/fenelon-clone.91-134-137-96.plesk.page\/wp-content\/uploads\/2026\/08\/ChatGPT-Image-31-aout-2026-11_35_59.png\" title=\"ChatGPT Image 31 aou\u0302t 2026, 11_35_59\" width=\"1810\" height=\"869\" srcset=\"https:\/\/fenelon-clone.91-134-137-96.plesk.page\/wp-content\/uploads\/2026\/08\/ChatGPT-Image-31-aout-2026-11_35_59.png 1810w, https:\/\/fenelon-clone.91-134-137-96.plesk.page\/wp-content\/uploads\/2026\/08\/ChatGPT-Image-31-aout-2026-11_35_59-1280x615.png 1280w, https:\/\/fenelon-clone.91-134-137-96.plesk.page\/wp-content\/uploads\/2026\/08\/ChatGPT-Image-31-aout-2026-11_35_59-980x471.png 980w, https:\/\/fenelon-clone.91-134-137-96.plesk.page\/wp-content\/uploads\/2026\/08\/ChatGPT-Image-31-aout-2026-11_35_59-480x230.png 480w\" sizes=\"(min-width: 0px) and (max-width: 480px) 480px, (min-width: 481px) and (max-width: 980px) 980px, (min-width: 981px) and (max-width: 1280px) 1280px, (min-width: 1281px) 1810px, 100vw\" class=\"wp-image-227581\" \/><\/span><\/div>\n<\/div>\n<\/div>\n<\/div>\n\n<div class=\"et_pb_section_1 et_pb_section et_section_regular et_flex_section\" id=\"actus\">\n<div class=\"et_pb_row_3 et_pb_row et_flex_row\">\n<div class=\"et_pb_column_4 et_pb_column et-last-child et_flex_column et_pb_css_mix_blend_mode_passthrough et_flex_column_24_24 et_flex_column_24_24_tablet et_flex_column_24_24_phone et_flex_column_24_24_phoneWide et_flex_column_24_24_tabletWide et_flex_column_24_24_widescreen et_flex_column_24_24_ultraWide\">\n<div class=\"et_pb_text_9 et_pb_text et_pb_bg_layout_light et_animated et_pb_module et_flex_module\"><div class=\"et_pb_text_inner\" data-et-mv-hidden-phone=\"true\"><h1>Nos actus !<\/h1>\n<\/div><\/div>\n\n<div class=\"et_pb_text_10 et_pb_text et_pb_bg_layout_light et_pb_module et_flex_module\"><div class=\"et_pb_text_inner\"><p>Pour tout savoir sur le quotidien de nos \u00e9tablissements<\/p>\n<\/div><\/div>\n\n<div class=\"et_pb_module et_pb_button_module_wrapper et_pb_button_3_wrapper\"><a class=\"et_pb_button_3 et_pb_button et_pb_bg_layout_light et_pb_module et_flex_module\" href=\"https:\/\/fenelon-clone.91-134-137-96.plesk.page\/index.php\/actualites\/?preview_id=32#038;preview_nonce=c1a0de3745&#038;preview=true\">Toutes les actualit\u00e9s<\/a><\/div>\n<\/div>\n<\/div>\n\n<div class=\"et_pb_row_4 et_pb_row et_flex_row\">\n<div class=\"et_pb_column_5 et_pb_column et_flex_column et_pb_css_mix_blend_mode_passthrough et_flex_column_6_24 et_flex_column_12_24_tablet et_flex_column_24_24_phone et_flex_column_24_24_phoneWide et_flex_column_12_24_tabletWide et_flex_column_6_24_widescreen et_flex_column_6_24_ultraWide\">\n<div class=\"et_pb_blog_0 et_pb_blog et_pb_bg_layout_light et_pb_posts et_pb_module\"><div class=\"et_pb_ajax_pagination_container\"><div class=\"et_pb_posts et_flex_module\"><article class=\"et_pb_post et_pb_post_id_227008 clearfix et_pb_has_overlay et_pb_blog_item_0_0 post-227008 project type-project status-publish has-post-thumbnail hentry project_category-section-internationale\"><a href=\"https:\/\/fenelon-clone.91-134-137-96.plesk.page\/index.php\/project\/christmas-party\/\" class=\"entry-featured-image-url\"><img loading=\"lazy\" decoding=\"async\" src=\"https:\/\/fenelon-clone.91-134-137-96.plesk.page\/wp-content\/uploads\/2026\/08\/fenelon-news-4.jpg\" width=\"1080\" height=\"675\" alt=\"CHRISTMAS PARTY\" class=\"et_pb_post_main_image\" \/><span data-icon=\"L\" class=\"et_overlay et_pb_inline_icon\"><\/span><\/a><h2 class=\"entry-title\"><a href=\"https:\/\/fenelon-clone.91-134-137-96.plesk.page\/index.php\/project\/christmas-party\/\">CHRISTMAS PARTY<\/a><\/h2><p class=\"post-meta\"><span class=\"published\">Ao\u00fbt 24, 2026<\/span> | <span class=\"entry-categories\"><a href=\"https:\/\/fenelon-clone.91-134-137-96.plesk.page\/index.php\/project_category\/section-internationale\/\" rel=\"tag\">SECTION INTERNATIONALE<\/a><\/span><\/p><div class=\"post-content\"><div class=\"post-content-inner\"><\/div><\/div><\/article><\/div><\/div><\/div>\n<\/div>\n\n<div class=\"et_pb_column_6 et_pb_column et_flex_column et_pb_css_mix_blend_mode_passthrough et_flex_column_6_24 et_flex_column_12_24_tablet et_flex_column_24_24_phone et_flex_column_24_24_phoneWide et_flex_column_12_24_tabletWide et_flex_column_6_24_widescreen et_flex_column_6_24_ultraWide\">\n<div class=\"et_pb_blog_1 et_pb_blog et_pb_bg_layout_light et_pb_posts et_pb_module\"><div class=\"et_pb_ajax_pagination_container\"><div class=\"et_pb_posts et_flex_module\"><article class=\"et_pb_post et_pb_post_id_227004 clearfix et_pb_has_overlay et_pb_blog_item_1_0 post-227004 project type-project status-publish has-post-thumbnail hentry project_category-section-internationale\"><a href=\"https:\/\/fenelon-clone.91-134-137-96.plesk.page\/index.php\/project\/shakespeare-a-lhonneur\/\" class=\"entry-featured-image-url\"><img loading=\"lazy\" decoding=\"async\" src=\"https:\/\/fenelon-clone.91-134-137-96.plesk.page\/wp-content\/uploads\/2026\/08\/fenelon-news-3.jpg\" width=\"1080\" height=\"675\" alt=\"SHAKESPEARE \u00c0 L\u2019HONNEUR !\" class=\"et_pb_post_main_image\" \/><span data-icon=\"L\" class=\"et_overlay et_pb_inline_icon\"><\/span><\/a><h2 class=\"entry-title\"><a href=\"https:\/\/fenelon-clone.91-134-137-96.plesk.page\/index.php\/project\/shakespeare-a-lhonneur\/\">SHAKESPEARE \u00c0 L\u2019HONNEUR !<\/a><\/h2><p class=\"post-meta\"><span class=\"published\">Ao\u00fbt 24, 2026<\/span> | <span class=\"entry-categories\"><a href=\"https:\/\/fenelon-clone.91-134-137-96.plesk.page\/index.php\/project_category\/section-internationale\/\" rel=\"tag\">SECTION INTERNATIONALE<\/a><\/span><\/p><div class=\"post-content\"><div class=\"post-content-inner\"><\/div><\/div><\/article><\/div><\/div><\/div>\n<\/div>\n\n<div class=\"et_pb_column_7 et_pb_column et_flex_column et_pb_css_mix_blend_mode_passthrough et_flex_column_6_24 et_flex_column_12_24_tablet et_flex_column_24_24_phone et_flex_column_24_24_phoneWide et_flex_column_12_24_tabletWide et_flex_column_6_24_widescreen et_flex_column_6_24_ultraWide\">\n<div class=\"et_pb_blog_2 et_pb_blog et_pb_bg_layout_light et_pb_posts et_pb_module\"><div class=\"et_pb_ajax_pagination_container\"><div class=\"et_pb_posts et_flex_module\"><article class=\"et_pb_post et_pb_post_id_227000 clearfix et_pb_has_overlay et_pb_blog_item_2_0 post-227000 project type-project status-publish has-post-thumbnail hentry project_category-section-internationale\"><a href=\"https:\/\/fenelon-clone.91-134-137-96.plesk.page\/index.php\/project\/end-of-the-year-party-2025\/\" class=\"entry-featured-image-url\"><img loading=\"lazy\" decoding=\"async\" src=\"https:\/\/fenelon-clone.91-134-137-96.plesk.page\/wp-content\/uploads\/2026\/08\/fenelon-news-2.jpg\" width=\"1080\" height=\"675\" alt=\"END OF THE YEAR PARTY 2025\" class=\"et_pb_post_main_image\" \/><span data-icon=\"L\" class=\"et_overlay et_pb_inline_icon\"><\/span><\/a><h2 class=\"entry-title\"><a href=\"https:\/\/fenelon-clone.91-134-137-96.plesk.page\/index.php\/project\/end-of-the-year-party-2025\/\">END OF THE YEAR PARTY 2025<\/a><\/h2><p class=\"post-meta\"><span class=\"published\">Ao\u00fbt 24, 2026<\/span> | <span class=\"entry-categories\"><a href=\"https:\/\/fenelon-clone.91-134-137-96.plesk.page\/index.php\/project_category\/section-internationale\/\" rel=\"tag\">SECTION INTERNATIONALE<\/a><\/span><\/p><div class=\"post-content\"><div class=\"post-content-inner\"><\/div><\/div><\/article><\/div><\/div><\/div>\n<\/div>\n\n<div class=\"et_pb_column_8 et_pb_column et-last-child et_flex_column et_pb_css_mix_blend_mode_passthrough et_flex_column_6_24 et_flex_column_12_24_tablet et_flex_column_24_24_phone et_flex_column_24_24_phoneWide et_flex_column_12_24_tabletWide et_flex_column_6_24_widescreen et_flex_column_6_24_ultraWide\">\n<div class=\"et_pb_blog_3 et_pb_blog et_pb_bg_layout_light et_pb_posts et_pb_module\"><div class=\"et_pb_ajax_pagination_container\"><div class=\"et_pb_posts et_flex_module\"><article class=\"et_pb_post et_pb_post_id_226994 clearfix et_pb_has_overlay et_pb_blog_item_3_0 post-226994 project type-project status-publish has-post-thumbnail hentry project_category-section-internationale\"><a href=\"https:\/\/fenelon-clone.91-134-137-96.plesk.page\/index.php\/project\/fermun-2025\/\" class=\"entry-featured-image-url\"><img loading=\"lazy\" decoding=\"async\" src=\"https:\/\/fenelon-clone.91-134-137-96.plesk.page\/wp-content\/uploads\/2026\/08\/fenelon-news-1.jpg\" width=\"1080\" height=\"675\" alt=\"FERMUN 2025\" class=\"et_pb_post_main_image\" \/><span data-icon=\"L\" class=\"et_overlay et_pb_inline_icon\"><\/span><\/a><h2 class=\"entry-title\"><a href=\"https:\/\/fenelon-clone.91-134-137-96.plesk.page\/index.php\/project\/fermun-2025\/\">FERMUN 2025<\/a><\/h2><p class=\"post-meta\"><span class=\"published\">Ao\u00fbt 24, 2026<\/span> | <span class=\"entry-categories\"><a href=\"https:\/\/fenelon-clone.91-134-137-96.plesk.page\/index.php\/project_category\/section-internationale\/\" rel=\"tag\">SECTION INTERNATIONALE<\/a><\/span><\/p><div class=\"post-content\"><div class=\"post-content-inner\"><\/div><\/div><\/article><\/div><\/div><\/div>\n<\/div>\n<\/div>\n<\/div>\n\n<div class=\"et_pb_section_2 et_pb_section et_section_regular et_block_section\">\n<div class=\"et_pb_row_5 et_pb_row et_flex_row\" id=\"engagements\">\n<div class=\"et_pb_column_9 et_pb_column et-last-child et_flex_column et_pb_css_mix_blend_mode_passthrough et_flex_column_24_24 et_flex_column_24_24_tablet et_flex_column_24_24_phone et_flex_column_24_24_phoneWide et_flex_column_24_24_tabletWide et_flex_column_24_24_widescreen et_flex_column_24_24_ultraWide\">\n<div class=\"et_pb_text_11 et_pb_text et_pb_bg_layout_light et_animated et_pb_module et_flex_module\"><div class=\"et_pb_text_inner\"><h1>Nos engagements<\/h1>\n<\/div><\/div>\n\n<div class=\"et_pb_text_12 et_pb_text et_pb_bg_layout_light et_pb_module et_flex_module\"><div class=\"et_pb_text_inner\"><p>Promouvoir, favoriser, construire, faire grandir, accueillir...<\/p>\n<\/div><\/div>\n<\/div>\n<\/div>\n\n<div class=\"et_pb_row_6 et_pb_row et_flex_row\">\n<div class=\"et_pb_column_10 et_pb_column et-last-child et_flex_column et_pb_css_mix_blend_mode_passthrough et_flex_column_24_24 et_flex_column_24_24_tablet et_flex_column_24_24_phone et_flex_column_24_24_phoneWide et_flex_column_24_24_tabletWide et_flex_column_24_24_widescreen et_flex_column_24_24_ultraWide\">\n<div class=\"et_pb_text_13 et_pb_text et_pb_bg_layout_light et_pb_module et_flex_module\"><div class=\"et_pb_text_inner\"><h3>LES EDUCATEURS <em>(personnels et enseignants)<\/em><\/h3>\n<\/div><\/div>\n\n<div class=\"et_pb_text_14 et_pb_text et_pb_bg_layout_light et_pb_module et_flex_module\"><div class=\"et_pb_text_inner\"><p><strong>S'ENGAGENT \u00c0 :\u00a0<\/strong><\/p>\n<ul>\n<li>Vivre en coh\u00e9rence avec le projet \u00e9ducatif, en accueillant en particulier chaque jeune, en travaillant en \u00e9quipes, en favorisant une ambiance de travail,<\/li>\n<li>Mettre leurs comp\u00e9tences au service des jeunes, en contribuant \u00e0 leur \u00e9panouissement physique, intellectuel et spirituel.<\/li>\n<\/ul>\n<\/div><\/div>\n<\/div>\n<\/div>\n\n<div class=\"et_pb_row_7 et_pb_row et_flex_row\">\n<div class=\"et_pb_column_11 et_pb_column et-last-child et_flex_column et_pb_css_mix_blend_mode_passthrough et_flex_column_24_24 et_flex_column_24_24_tablet et_flex_column_24_24_phone et_flex_column_24_24_phoneWide et_flex_column_24_24_tabletWide et_flex_column_24_24_widescreen et_flex_column_24_24_ultraWide\">\n<div class=\"et_pb_text_15 et_pb_text et_pb_bg_layout_light et_pb_module et_flex_module\"><div class=\"et_pb_text_inner\"><h3>L'ORGANISME DE GESTION de l'Institut F\u00e9nelon <em>(OGEC)<\/em><\/h3>\n<\/div><\/div>\n\n<div class=\"et_pb_text_16 et_pb_text et_pb_bg_layout_light et_pb_module et_flex_module\"><div class=\"et_pb_text_inner\"><p><strong>S'ENGAGE \u00c0 :\u00a0<\/strong><\/p>\n<ul>\n<li>Mettre ses comp\u00e9tences au service de l'\u00e9tablissement,<\/li>\n<li>Permettre de vivre une r\u00e9elle solidarit\u00e9<\/li>\n<li>Favoriser les projets ainsi que la dynamique de l'\u00e9tablissement<\/li>\n<\/ul>\n<\/div><\/div>\n<\/div>\n<\/div>\n\n<div class=\"et_pb_row_8 et_pb_row et_flex_row\">\n<div class=\"et_pb_column_12 et_pb_column et-last-child et_flex_column et_pb_css_mix_blend_mode_passthrough et_flex_column_24_24 et_flex_column_24_24_tablet et_flex_column_24_24_phone et_flex_column_24_24_phoneWide et_flex_column_24_24_tabletWide et_flex_column_24_24_widescreen et_flex_column_24_24_ultraWide\">\n<div class=\"et_pb_text_17 et_pb_text et_pb_bg_layout_light et_pb_module et_flex_module\"><div class=\"et_pb_text_inner\"><h3>LES \u00c9L\u00c8VES<\/h3>\n<\/div><\/div>\n\n<div class=\"et_pb_text_18 et_pb_text et_pb_bg_layout_light et_pb_module et_flex_module\"><div class=\"et_pb_text_inner\"><p><strong>S'ENGAGENT \u00c0 :\u00a0<\/strong><\/p>\n<ul>\n<li>\u00catre acteurs de leur avenir, en \u00e9laborant un projet de vie\/formation, en participant \u00e0 leur propre formation humaine<\/li>\n<li>Acqu\u00e9rir des m\u00e9thodes de travail, avec rigueur et discipline en favorisant une ambiance propice \u00e0 la progression de tous<\/li>\n<li>Vivre avec les autres, en respectant les personnes, les lieux et les mat\u00e9riels.<\/li>\n<\/ul>\n<\/div><\/div>\n<\/div>\n<\/div>\n\n<div class=\"et_pb_row_9 et_pb_row et_flex_row\">\n<div class=\"et_pb_column_13 et_pb_column et-last-child et_flex_column et_pb_css_mix_blend_mode_passthrough et_flex_column_24_24 et_flex_column_24_24_tablet et_flex_column_24_24_phone et_flex_column_24_24_phoneWide et_flex_column_24_24_tabletWide et_flex_column_24_24_widescreen et_flex_column_24_24_ultraWide\">\n<div class=\"et_pb_text_19 et_pb_text et_pb_bg_layout_light et_pb_module et_flex_module\"><div class=\"et_pb_text_inner\"><h3>LES PARENTS<\/h3>\n<\/div><\/div>\n\n<div class=\"et_pb_text_20 et_pb_text et_pb_bg_layout_light et_pb_module et_flex_module\"><div class=\"et_pb_text_inner\"><p><strong>S'ENGAGENT \u00c0 :\u00a0<\/strong><\/p>\n<ul>\n<li>Accepter, soutenir et partager le projet de notre \u00e9tablissement dans toute sa coh\u00e9rence,<\/li>\n<li>Faire confiance aux d\u00e9marches des \u00e9quipes p\u00e9dagogiques et \u00e9ducatives,<\/li>\n<li>Porter de l\u2019int\u00e9r\u00eat au travail de leurs enfants.<\/li>\n<\/ul>\n<\/div><\/div>\n<\/div>\n<\/div>\n\n<div class=\"et_pb_row_10 et_pb_row et_flex_row\" id=\"animation-pastorale\">\n<div class=\"et_pb_column_14 et_pb_column et-last-child et_flex_column et_pb_css_mix_blend_mode_passthrough et_flex_column_24_24 et_flex_column_24_24_tablet et_flex_column_24_24_phone et_flex_column_24_24_phoneWide et_flex_column_24_24_tabletWide et_flex_column_24_24_widescreen et_flex_column_24_24_ultraWide\">\n<div class=\"et_pb_text_21 et_pb_text et_pb_bg_layout_light et_animated et_pb_module et_flex_module\"><div class=\"et_pb_text_inner\"><h1>Le projet d'animation pastorale<\/h1>\n<\/div><\/div>\n\n<div class=\"et_pb_text_22 et_pb_text et_pb_bg_layout_light et_pb_module et_flex_module\"><div class=\"et_pb_text_inner\"><p>Un \u00e9l\u00e9ment essentiel et une richesse offerte aux \u00e9l\u00e8ves<\/p>\n<\/div><\/div>\n<\/div>\n<\/div>\n\n<div class=\"et_pb_row_11 et_pb_row et_flex_row\">\n<div class=\"et_pb_column_15 et_pb_column et-last-child et_flex_column et_pb_css_mix_blend_mode_passthrough et_flex_column_24_24 et_flex_column_24_24_tablet et_flex_column_24_24_phone et_flex_column_24_24_phoneWide et_flex_column_24_24_tabletWide et_flex_column_24_24_widescreen et_flex_column_24_24_ultraWide\">\n<div class=\"et_pb_text_23 et_pb_text et_pb_bg_layout_light et_pb_module et_flex_module\"><div class=\"et_pb_text_inner\"><h3>UNE \u00c9COLE qui permet la r\u00e9ussite et l'\u00e9panouissement de tous<\/h3>\n<\/div><\/div>\n\n<div class=\"et_pb_text_24 et_pb_text et_pb_bg_layout_light et_pb_module et_flex_module\"><div class=\"et_pb_text_inner\"><p>Dans notre \u00e9tablissement, le projet pastoral est un \u00e9l\u00e9ment essentiel et une richesse offerte aux \u00e9l\u00e8ves et \u00e0 leur famille. C\u2019est avec conviction que nous affirmons notre appartenance \u00e0 l\u2019Eglise et notre croyance en J\u00e9sus Christ. Au sein de notre \u00e9cole, des personnes se mobilisent et s\u2019engagent pour faire d\u00e9couvrir aux jeunes le formidable message d\u2019Esp\u00e9rance qu\u2019est l\u2019Evangile. Oui, Dieu aime tout le monde et il veut avoir une relation personnelle avec chacun d\u2019entre nous.<\/p>\n<p>Faire une proposition de Foi, c\u2019est proposer \u00e0 l\u2019Autre de suivre un chemin de Vie. La pri\u00e8re, la d\u00e9couverte de la Parole, les temps de Rassemblement et de Partage sont les instants privil\u00e9gi\u00e9s qui nous font grandir ensemble. \u00catre des semeurs de Joie et d\u2019Esp\u00e9rance, c\u2019est pour tous ceux qui s\u2019impliquent \u00e0 l\u2019\u00e9cole, donner du sens \u00e0 leur mission de baptis\u00e9.<\/p>\n<p>De nombreux projets humanitaires et de solidarit\u00e9 sont soutenus par les \u00e9l\u00e8ves, leurs familles et les adultes et tous sont invit\u00e9s \u00e0 d\u00e9velopper leurs capacit\u00e9s au service des autres et du bien commun. Ainsi donc et dans le plus profond respect des consciences, l\u2019Institut F\u00e9nelon s\u2019efforce de remplir la mission que lui a confi\u00e9e l\u2019Ev\u00eaque de Nice et de rester fid\u00e8le aux r\u00e9solutions du statut de l\u2019Enseignement Catholique.<\/p>\n<\/div><\/div>\n\n<div class=\"et_pb_module et_pb_button_module_wrapper et_pb_button_4_wrapper\"><a class=\"et_pb_button_4 et_pb_button et_pb_bg_layout_light et_pb_module et_flex_module\" href=\"https:\/\/fenelon-clone.91-134-137-96.plesk.page\/wp-content\/uploads\/2026\/08\/statut-enseignement-catholique-juin-2013.pdf\" target=\"_blank\">Statut de l&#039;enseignement catholique<\/a><\/div>\n\n<div class=\"et_pb_text_25 et_pb_text et_pb_bg_layout_light et_pb_module et_flex_module\"><div class=\"et_pb_text_inner\"><p>Marcher sur les pas de Saint Fran\u00e7ois d\u2019Assise en proposant l\u2019Amour partout o\u00f9 il y a la haine, le Pardon chaque fois qu\u2019il y a offense, la Lumi\u00e8re \u00e0 ceux qui sont dans les t\u00e9n\u00e8bres, la Foi \u00e0 ceux qui doutent, la Joie \u00e0 ceux qui sont dans la tristesse. Telle est la mission joyeuse que s\u2019efforce de remplir la communaut\u00e9 chr\u00e9tienne de F\u00e9nelon en proposant \u00e0 chacun un chemin d\u2019Esp\u00e9rance.<\/p>\n<p>Chaque ann\u00e9e nous d\u00e9finissons un th\u00e8me conducteur ; le th\u00e8me 2023-2024 :<\/p>\n<\/div><\/div>\n\n<div class=\"et_pb_module et_pb_button_module_wrapper et_pb_button_5_wrapper\"><a class=\"et_pb_button_5 et_pb_button et_pb_bg_layout_light et_pb_module et_flex_module\" href=\"https:\/\/fenelon-clone.91-134-137-96.plesk.page\/wp-content\/uploads\/2026\/08\/Programme-Aumonerie.pdf\" target=\"_blank\">Th\u00e8me s&#039;engager<\/a><\/div>\n<\/div>\n<\/div>\n\n<div class=\"et_pb_row_12 et_pb_row et_flex_row\" id=\"pastorale-5\">\n<div class=\"et_pb_column_16 et_pb_column et-last-child et_flex_column et_pb_css_mix_blend_mode_passthrough et_flex_column_24_24 et_flex_column_24_24_tablet et_flex_column_24_24_phone et_flex_column_24_24_phoneWide et_flex_column_24_24_tabletWide et_flex_column_24_24_widescreen et_flex_column_24_24_ultraWide\">\n<div class=\"et_pb_text_26 et_pb_text et_pb_bg_layout_light et_animated et_pb_module et_flex_module\"><div class=\"et_pb_text_inner\"><h1>La pastorale en 5 points<\/h1>\n<\/div><\/div>\n\n<div class=\"et_pb_text_27 et_pb_text et_pb_bg_layout_light et_pb_module et_flex_module\"><div class=\"et_pb_text_inner\"><p>Une approche globale pour s'ouvrir \u00e0 la foie<\/p>\n<\/div><\/div>\n<\/div>\n<\/div>\n\n<div class=\"et_pb_row_13 et_pb_row et_flex_row\">\n<div class=\"et_pb_column_17 et_pb_column et-last-child et_flex_column et_pb_css_mix_blend_mode_passthrough et_flex_column_24_24 et_flex_column_24_24_tablet et_flex_column_24_24_phone et_flex_column_24_24_phoneWide et_flex_column_24_24_tabletWide et_flex_column_24_24_widescreen et_flex_column_24_24_ultraWide\">\n<div class=\"et_pb_accordion_0 et_pb_accordion et_pb_module et_flex_module\">\n<div class=\"et_pb_accordion_item_0 et_pb_accordion_item et_pb_toggle et_pb_module et_pb_toggle_open et_flex_module\"><h5 class=\"et_pb_toggle_title\">01 : UNE \u00c9QUIPE<\/h5><div class=\"et_pb_toggle_content et_flex_module\"><p>L\u2019animation pastorale repose sur une \u00e9quipe capable de sortir d\u2019elle-m\u00eame, qui accepte de se former pour mieux se mettre au service des autres. Il s\u2019agit d\u2019\u00eatre \u00e0 l\u2019\u00e9coute d\u2019abord et non pas de vouloir \u00eatre \u00e9cout\u00e9.<\/p>\n<p>Sous la responsabilit\u00e9 de, Monsieur Lionel LEANDRI-VENDEUVRE, chef d'\u00e9tablissement coordinateur et de Monsieur DE CROZALS, chef d'\u00e9tablissement du Premier degr\u00e9, notre \u00e9quipe pastorale est soud\u00e9e par un travail en Eglise.<\/p>\n<p>Une Ajointe en Pastorale Scolaire (APS), Isabelle MILLET, coordonne notre projet d'animation pastorale en lien avec le dioc\u00e8se, le doyenn\u00e9 et la paroisse Saint Honorat (le p\u00e8re Fran\u00e7ois-R\u00e9gis JAMAIN, cur\u00e9 de notre paroisse nous accompagne).<\/p>\n<p>Des intervenants b\u00e9n\u00e9voles se mettent au service des autres et aident au fonctionnement de la pastorale.<\/p>\n<\/div><\/div>\n\n<div class=\"et_pb_accordion_item_1 et_pb_accordion_item et_pb_toggle et_pb_module et_pb_toggle_close et_flex_module\"><h5 class=\"et_pb_toggle_title\">02 : Un lieu d'accueil et d'\u00e9coute<\/h5><div class=\"et_pb_toggle_content et_flex_module\"><p><strong>Rencontrer les jeunes et les adultes l\u00e0 o\u00f9 ils sont. Savoir les \u00e9couter. Faire des propositions\u2026<\/strong><\/p>\n<p>Il existe sur chaque site (\u00e0 l\u2019\u00e9cole, au coll\u00e8ge et au lyc\u00e9e) un lieu d\u2019accueil, d\u2019information et de r\u00e9flexion. Nous pensons qu\u2019il faut confronter sa foi \u00e0 travers le dialogue. Il est important de rencontrer des t\u00e9moins, des pr\u00eatres, des la\u00efcs pour vivre sa foi. Les horaires de messe, les dates de p\u00e8lerinages, de retraites, de formations, de d\u00e9bats dans notre doyenn\u00e9 comme dans tout le dioc\u00e8se sont communiqu\u00e9s \u00e0 tous. Tout au long de leur scolarit\u00e9, des \u00e9tapes sont propos\u00e9es aux jeunes pour qu\u2019ils avancent dans leur foi.<\/p>\n<p>Des c\u00e9l\u00e9brations sont pr\u00e9vues dans les chapelles de notre \u00e9tablissement, marquant ainsi les diff\u00e9rents temps liturgiques.<\/p>\n<\/div><\/div>\n\n<div class=\"et_pb_accordion_item_2 et_pb_accordion_item et_pb_toggle et_pb_module et_pb_toggle_close et_flex_module\"><h5 class=\"et_pb_toggle_title\">03 : Chacun son chemin de foi<\/h5><div class=\"et_pb_toggle_content et_flex_module\"><ul>\n<li><strong>A L'\u00c9COLE :<\/strong><br \/>\nles enseignants invitent tous les enfants \u00e0 d\u00e9couvrir J\u00e9sus Christ, dans le respect des libert\u00e9s de chacun.<\/li>\n<ul><\/ul>\n<li>\u00a0<strong>AU COLL\u00c8GE :<\/strong><br \/>\nLes emplois du temps des classes sont organis\u00e9s pour permettre ces rencontres pendant le temps scolaire. Les \u00e9l\u00e8ves de 6<sup>e<\/sup>, 5<sup>e<\/sup>, 4<sup>e<\/sup> peuvent participer \u00e0 des rencontres anim\u00e9es par des parents et des professeurs b\u00e9n\u00e9voles.<\/li>\n<ul><\/ul>\n<li><strong>AU LYC\u00c9E :<\/strong><br \/>\nLes jeunes seront les Chr\u00e9tiens de demain. Respecter la vie, l\u2019autre\u2026 C\u2019est continuer d\u2019\u00eatre t\u00e9moin du Christ.<br \/>\nDes d\u00eeners-partages, des soir\u00e9es de pri\u00e8res \u00abComme \u00e0 Taiz\u00e9\u00bb, des actions de solidarit\u00e9 sont propos\u00e9s \u00e0 tous et permettent aux jeunes de s'engager et de devenir t\u00e9moins du Christ.<\/li>\n<ul><\/ul>\n<li><strong>POUR LES ADULTES DE L'\u00c9TABLISSEMENT ET DE LA PAROISSE :<\/strong><br \/>\nDes temps de r\u00e9flexion spirituelle sont propos\u00e9s, 5 fois dans l'ann\u00e9e, aux adultes qui le souhaitent : ce sont les \"D\u00e9j'chr\u00e9tiens\", entre 12h et 13h20 ; ce temps est conduit par un pr\u00eatre ou un la\u00efc (diacre), qui invite \u00e0 s'approprier des connaissances sur le th\u00e8me de l'ann\u00e9e<\/li>\n<\/ul>\n<p><strong>Pour tous les jeunes du coll\u00e8ge et lyc\u00e9e, proposition d'un p\u00e8lerinage de 5 jours \u00e0 Lourdes, ouvert \u00e9galement aux adultes <em>(enseignants et personnels)<\/em>.<\/strong><\/p>\n<\/div><\/div>\n\n<div class=\"et_pb_accordion_item_3 et_pb_accordion_item et_pb_toggle et_pb_module et_pb_toggle_close et_flex_module\"><h5 class=\"et_pb_toggle_title\">04 : Prier<\/h5><div class=\"et_pb_toggle_content et_flex_module\"><p>Des c\u00e9l\u00e9brations, des temps de pri\u00e8re sont propos\u00e9s r\u00e9guli\u00e8rement au cours de l\u2019ann\u00e9e sur tous les sites ou \u00e0 la Cath\u00e9drale de Grasse.<\/p>\n<\/div><\/div>\n\n<div class=\"et_pb_accordion_item_4 et_pb_accordion_item et_pb_toggle et_pb_module et_pb_toggle_close et_flex_module\"><h5 class=\"et_pb_toggle_title\">05 : T\u00e9moigner et s'engager<\/h5><div class=\"et_pb_toggle_content et_flex_module\"><p>Partager, se donner, vivre le corps du Christ dans nos actions sociales, humanitaires\u2026 R\u00e9guli\u00e8rement des \u00e9l\u00e8ves se mobilisent contre l\u2019injustice, la pauvret\u00e9, la solitude.<\/p>\n<p>Les jeunes collectent des jouets, des denr\u00e9es alimentaires pour les plus d\u00e9munis, confectionnent des cartes de No\u00ebl pour les personnes hospitalis\u00e9es. D\u2019autres rendent visite aux personnes \u00e2g\u00e9es.<\/p>\n<p>Des Tables Ouvertes F\u00e9nelon sont organis\u00e9es pour accueillir des personnes isol\u00e9es le temps d'un d\u00e9jeuner en lien avec la Pastorale des Migrants du Dioc\u00e8se de Nice et les associations locales.<\/p>\n<p>Un grand nombre d'associations humanitaires locales sont nos partenaires pour nous aider \u00e0 sensibiliser nos jeunes.<\/p>\n<\/div><\/div>\n<\/div>\n<\/div>\n<\/div>\n\n<div class=\"et_pb_row_14 et_pb_row et_flex_row\">\n<div class=\"et_pb_column_18 et_pb_column et_flex_column et_pb_css_mix_blend_mode_passthrough et_flex_column_12_24 et_flex_column_12_24_tablet et_flex_column_24_24_phone et_flex_column_24_24_phoneWide et_flex_column_12_24_tabletWide et_flex_column_12_24_widescreen et_flex_column_12_24_ultraWide\">\n<div class=\"et_pb_text_28 et_pb_text et_pb_bg_layout_light et_pb_module et_flex_module\"><div class=\"et_pb_text_inner\"><h2>Une question,<br \/>Besoin d'un renseignements ?<\/h2>\n<\/div><\/div>\n<\/div>\n\n<div class=\"et_pb_column_19 et_pb_column et-last-child et_flex_column et_pb_css_mix_blend_mode_passthrough et_flex_column_12_24 et_flex_column_12_24_tablet et_flex_column_24_24_phone et_flex_column_24_24_phoneWide et_flex_column_12_24_tabletWide et_flex_column_12_24_widescreen et_flex_column_12_24_ultraWide\">\n<div class=\"et_pb_image_2 et_pb_image et_pb_module et_flex_module\"><span class=\"et_pb_image_wrap\"><img loading=\"lazy\" decoding=\"async\" src=\"https:\/\/fenelon-clone.91-134-137-96.plesk.page\/wp-content\/uploads\/2026\/08\/portrait-i-millet.png\" title=\"portrait-i-millet\" width=\"237\" height=\"237\" srcset=\"https:\/\/fenelon-clone.91-134-137-96.plesk.page\/wp-content\/uploads\/2026\/08\/portrait-i-millet.png 237w, https:\/\/fenelon-clone.91-134-137-96.plesk.page\/wp-content\/uploads\/2026\/08\/portrait-i-millet-150x150.png 150w\" sizes=\"(max-width: 237px) 100vw, 237px\" class=\"wp-image-225741\" \/><\/span><\/div>\n\n<div class=\"et_pb_text_29 et_pb_text et_pb_bg_layout_light et_pb_module et_flex_module\"><div class=\"et_pb_text_inner\"><p>Isabelle MILLET<\/p>\n<\/div><\/div>\n\n<div class=\"et_pb_module et_pb_button_module_wrapper et_pb_button_6_wrapper\"><a class=\"et_pb_button_6 et_pb_button et_pb_bg_layout_light et_pb_module et_flex_module\" href=\"tel:0698291538\" data-icon=\"\ue090\">Mob : 06 98 29 15 38<\/a><\/div>\n<\/div>\n<\/div>\n\n<div class=\"et_pb_row_15 et_pb_row et_flex_row\" id=\"sacrements\">\n<div class=\"et_pb_column_20 et_pb_column et-last-child et_flex_column et_pb_css_mix_blend_mode_passthrough et_flex_column_24_24 et_flex_column_24_24_tablet et_flex_column_24_24_phone et_flex_column_24_24_phoneWide et_flex_column_24_24_tabletWide et_flex_column_24_24_widescreen et_flex_column_24_24_ultraWide\">\n<div class=\"et_pb_text_30 et_pb_text et_pb_bg_layout_light et_animated et_pb_module et_flex_module\"><div class=\"et_pb_text_inner\"><h1>Pr\u00e9paration aux sacrements<\/h1>\n<\/div><\/div>\n\n<div class=\"et_pb_text_31 et_pb_text et_pb_bg_layout_light et_pb_module et_flex_module\"><div class=\"et_pb_text_inner\"><p>Les \u00e9tapes essentielles pour comprendre et confirmer sa foie<\/p>\n<\/div><\/div>\n<\/div>\n<\/div>\n\n<div class=\"et_pb_row_16 et_pb_row et_flex_row\">\n<div class=\"et_pb_column_21 et_pb_column et-last-child et_flex_column et_pb_css_mix_blend_mode_passthrough et_flex_column_24_24 et_flex_column_24_24_tablet et_flex_column_24_24_phone et_flex_column_24_24_phoneWide et_flex_column_24_24_tabletWide et_flex_column_24_24_widescreen et_flex_column_24_24_ultraWide\">\n<div class=\"et_pb_text_32 et_pb_text et_pb_bg_layout_light et_pb_module et_flex_module\"><div class=\"et_pb_text_inner\"><h3>A l\u2019\u00e9cole<\/h3>\n<\/div><\/div>\n\n<div class=\"et_pb_text_33 et_pb_text et_pb_bg_layout_light et_pb_module et_flex_module\"><div class=\"et_pb_text_inner\"><ul>\n<li>Plusieurs \u00e9tapes sont propos\u00e9es, plus particuli\u00e8rement en classe de CE2 o\u00f9 ils peuvent recevoir le Sacrement de Pardon apr\u00e8s en avoir compris la signification au cours d\u2019une retraite.<\/li>\n<ul><\/ul>\n<li>Le Sacrement de l\u2019Eucharistie est accueilli d\u00e8s la classe de CM1 pour les enfants qui ont re\u00e7u une \u00e9ducation religieuse de deux ans et qui participent aux c\u00e9l\u00e9brations r\u00e9guli\u00e8rement. Plusieurs temps forts et une retraite accompagnent ce cheminement.<\/li>\n<\/ul>\n<\/div><\/div>\n\n<div class=\"et_pb_text_34 et_pb_text et_pb_bg_layout_light et_pb_module et_flex_module\"><div class=\"et_pb_text_inner\"><h3>Au coll\u00e8ge<\/h3>\n<\/div><\/div>\n\n<div class=\"et_pb_text_35 et_pb_text et_pb_bg_layout_light et_pb_module et_flex_module\"><div class=\"et_pb_text_inner\"><ul>\n<li>Des \u00e9tapes ponctuent la vie des jeunes chr\u00e9tiens de 5e et 4e, en chemin vers le Sacrement de Confirmation.<\/li>\n<\/ul>\n<\/div><\/div>\n\n<div class=\"et_pb_text_36 et_pb_text et_pb_bg_layout_light et_pb_module et_flex_module\"><div class=\"et_pb_text_inner\"><h3>Au lyc\u00e9e<\/h3>\n<\/div><\/div>\n\n<div class=\"et_pb_text_37 et_pb_text et_pb_bg_layout_light et_pb_module et_flex_module\"><div class=\"et_pb_text_inner\"><ul>\n<li>Pour les jeunes de 3e, pr\u00e9paration du Sacrement de la Profession de Foi.\u00a0<\/li>\n<\/ul>\n<\/div><\/div>\n<\/div>\n<\/div>\n<\/div>\n\n<div class=\"et_pb_section_3 et_pb_section et_section_regular et_flex_section et_pb_section_parallax\"><span class=\"et-pb-parallax-wrapper\"><span class=\"et-pb-parallax-background et-pb-parallax-background--css et-pb-parallax-background-module--divi-section-3\" style=\"background-image:url(https:\/\/fenelon-clone.91-134-137-96.plesk.page\/wp-content\/uploads\/2026\/08\/college-fenelon-grasse-croix.jpg)\"><\/span><\/span><\/div>","protected":false},"excerpt":{"rendered":"","protected":false},"author":1,"featured_media":0,"parent":0,"menu_order":0,"comment_status":"closed","ping_status":"closed","template":"","meta":{"inline_featured_image":false,"footnotes":""},"folder":[26],"class_list":["post-225569","page","type-page","status-publish","hentry"],"_links":{"self":[{"href":"https:\/\/fenelon-clone.91-134-137-96.plesk.page\/index.php\/wp-json\/wp\/v2\/pages\/225569","targetHints":{"allow":["GET"]}}],"collection":[{"href":"https:\/\/fenelon-clone.91-134-137-96.plesk.page\/index.php\/wp-json\/wp\/v2\/pages"}],"about":[{"href":"https:\/\/fenelon-clone.91-134-137-96.plesk.page\/index.php\/wp-json\/wp\/v2\/types\/page"}],"author":[{"embeddable":true,"href":"https:\/\/fenelon-clone.91-134-137-96.plesk.page\/index.php\/wp-json\/wp\/v2\/users\/1"}],"replies":[{"embeddable":true,"href":"https:\/\/fenelon-clone.91-134-137-96.plesk.page\/index.php\/wp-json\/wp\/v2\/comments?post=225569"}],"version-history":[{"count":165,"href":"https:\/\/fenelon-clone.91-134-137-96.plesk.page\/index.php\/wp-json\/wp\/v2\/pages\/225569\/revisions"}],"predecessor-version":[{"id":227585,"href":"https:\/\/fenelon-clone.91-134-137-96.plesk.page\/index.php\/wp-json\/wp\/v2\/pages\/225569\/revisions\/227585"}],"wp:attachment":[{"href":"https:\/\/fenelon-clone.91-134-137-96.plesk.page\/index.php\/wp-json\/wp\/v2\/media?parent=225569"}],"wp:term":[{"taxonomy":"folder","embeddable":true,"href":"https:\/\/fenelon-clone.91-134-137-96.plesk.page\/index.php\/wp-json\/wp\/v2\/folder?post=225569"}],"curies":[{"name":"wp","href":"https:\/\/api.w.org\/{rel}","templated":true}]}}